{"id":1007,"date":"2026-03-11T19:32:15","date_gmt":"2026-03-11T22:32:15","guid":{"rendered":"https:\/\/sennaadvogados.com\/?page_id=1007"},"modified":"2026-04-25T22:20:21","modified_gmt":"2026-04-26T01:20:21","slug":"unidades-prisionais","status":"publish","type":"page","link":"https:\/\/sennaadvogados.com\/index.php\/unidades-prisionais\/","title":{"rendered":"Unidades Prisionais"},"content":{"rendered":"\t\t<div data-elementor-type=\"wp-page\" data-elementor-id=\"1007\" class=\"elementor elementor-1007\" data-elementor-post-type=\"page\">\n\t\t\t\t<div class=\"elementor-element elementor-element-c45eced e-con-full elementor-hidden-mobile e-flex e-con e-parent\" data-id=\"c45eced\" data-element_type=\"container\" data-settings=\"{&quot;background_background&quot;:&quot;classic&quot;,&quot;shape_divider_top&quot;:&quot;opacity-tilt&quot;}\">\n\t\t\t\t<div class=\"elementor-shape elementor-shape-top\" aria-hidden=\"true\" data-negative=\"false\">\n\t\t\t<svg xmlns=\"http:\/\/www.w3.org\/2000\/svg\" viewBox=\"0 0 2600 131.1\" preserveAspectRatio=\"none\">\n\t<path class=\"elementor-shape-fill\" d=\"M0 0L2600 0 2600 69.1 0 0z\"\/>\n\t<path class=\"elementor-shape-fill\" style=\"opacity:0.5\" d=\"M0 0L2600 0 2600 69.1 0 69.1z\"\/>\n\t<path class=\"elementor-shape-fill\" style=\"opacity:0.25\" d=\"M2600 0L0 0 0 130.1 2600 69.1z\"\/>\n<\/svg>\t\t<\/div>\n\t\t\t\t<\/div>\n\t\t<div class=\"elementor-element elementor-element-b3b3a9c e-flex e-con-boxed e-con e-parent\" data-id=\"b3b3a9c\" data-element_type=\"container\" data-settings=\"{&quot;background_background&quot;:&quot;classic&quot;}\">\n\t\t\t\t\t<div class=\"e-con-inner\">\n\t\t\t\t<div class=\"elementor-element elementor-element-957ff12 elementor-widget elementor-widget-heading\" data-id=\"957ff12\" data-element_type=\"widget\" data-widget_type=\"heading.default\">\n\t\t\t\t<div class=\"elementor-widget-container\">\n\t\t\t\t\t<h2 class=\"elementor-heading-title elementor-size-default\">Pres\u00eddios RJ: <br> Lista Completa, Endere\u00e7os e Contatos SEAP [Guia 2026]<\/h2>\t\t\t\t<\/div>\n\t\t\t\t<\/div>\n\t\t\t\t<div class=\"elementor-element elementor-element-feefdcb elementor-widget elementor-widget-text-editor\" data-id=\"feefdcb\" data-element_type=\"widget\" data-widget_type=\"text-editor.default\">\n\t\t\t\t<div class=\"elementor-widget-container\">\n\t\t\t\t\t\t\t\t\t<p data-path-to-node=\"4\">Precisa localizar um detento ou saber o endere\u00e7o de uma unidade prisional no Rio de Janeiro? Reunimos aqui a <b data-path-to-node=\"4\" data-index-in-node=\"109\">rela\u00e7\u00e3o completa e atualizada das unidades da SEAP RJ<\/b>, divididas por regi\u00e3o e complexo.<\/p><blockquote data-path-to-node=\"5\"><p data-path-to-node=\"5,0\"><b data-path-to-node=\"5,0\" data-index-in-node=\"0\">\u26a0\ufe0f Aten\u00e7\u00e3o Urgente:<\/b> Se voc\u00ea tem um familiar preso e n\u00e3o consegue informa\u00e7\u00f5es sobre sua localiza\u00e7\u00e3o ou estado de sa\u00fade, o apoio de um <b data-path-to-node=\"5,0\" data-index-in-node=\"133\">advogado criminalista no RJ<\/b> \u00e9 fundamental para garantir direitos e agilizar o acesso ao sistema prisional.<\/p><\/blockquote>\t\t\t\t\t\t\t\t<\/div>\n\t\t\t\t<\/div>\n\t\t\t\t<div class=\"elementor-element elementor-element-8d7db9f elementor-align-center elementor-widget elementor-widget-button\" data-id=\"8d7db9f\" data-element_type=\"widget\" data-widget_type=\"button.default\">\n\t\t\t\t<div class=\"elementor-widget-container\">\n\t\t\t\t\t\t\t\t\t<div class=\"elementor-button-wrapper\">\n\t\t\t\t\t<a class=\"elementor-button elementor-button-link elementor-size-sm\" href=\"http:\/\/wa.me\/5521999201982\">\n\t\t\t\t\t\t<span class=\"elementor-button-content-wrapper\">\n\t\t\t\t\t\t<span class=\"elementor-button-icon\">\n\t\t\t\t<svg aria-hidden=\"true\" class=\"e-font-icon-svg e-fab-whatsapp\" viewBox=\"0 0 448 512\" xmlns=\"http:\/\/www.w3.org\/2000\/svg\"><path d=\"M380.9 97.1C339 55.1 283.2 32 223.9 32c-122.4 0-222 99.6-222 222 0 39.1 10.2 77.3 29.6 111L0 480l117.7-30.9c32.4 17.7 68.9 27 106.1 27h.1c122.3 0 224.1-99.6 224.1-222 0-59.3-25.2-115-67.1-157zm-157 341.6c-33.2 0-65.7-8.9-94-25.7l-6.7-4-69.8 18.3L72 359.2l-4.4-7c-18.5-29.4-28.2-63.3-28.2-98.2 0-101.7 82.8-184.5 184.6-184.5 49.3 0 95.6 19.2 130.4 54.1 34.8 34.9 56.2 81.2 56.1 130.5 0 101.8-84.9 184.6-186.6 184.6zm101.2-138.2c-5.5-2.8-32.8-16.2-37.9-18-5.1-1.9-8.8-2.8-12.5 2.8-3.7 5.6-14.3 18-17.6 21.8-3.2 3.7-6.5 4.2-12 1.4-32.6-16.3-54-29.1-75.5-66-5.7-9.8 5.7-9.1 16.3-30.3 1.8-3.7.9-6.9-.5-9.7-1.4-2.8-12.5-30.1-17.1-41.2-4.5-10.8-9.1-9.3-12.5-9.5-3.2-.2-6.9-.2-10.6-.2-3.7 0-9.7 1.4-14.8 6.9-5.1 5.6-19.4 19-19.4 46.3 0 27.3 19.9 53.7 22.6 57.4 2.8 3.7 39.1 59.7 94.8 83.8 35.2 15.2 49 16.5 66.6 13.9 10.7-1.6 32.8-13.4 37.4-26.4 4.6-13 4.6-24.1 3.2-26.4-1.3-2.5-5-3.9-10.5-6.6z\"><\/path><\/svg>\t\t\t<\/span>\n\t\t\t\t\t\t\t\t\t<span class=\"elementor-button-text\">Fale Com Um Advogado Agora Pelo WhatsApp<\/span>\n\t\t\t\t\t<\/span>\n\t\t\t\t\t<\/a>\n\t\t\t\t<\/div>\n\t\t\t\t\t\t\t\t<\/div>\n\t\t\t\t<\/div>\n\t\t\t\t<div class=\"elementor-element elementor-element-89a88be elementor-widget elementor-widget-text-editor\" data-id=\"89a88be\" data-element_type=\"widget\" data-widget_type=\"text-editor.default\">\n\t\t\t\t<div class=\"elementor-widget-container\">\n\t\t\t\t\t\t\t\t\t<h5 data-path-to-node=\"3\"><b data-path-to-node=\"3\" data-index-in-node=\"0\">Complexo Penitenci\u00e1rio de Gericin\u00f3 (Bangu)<\/b><\/h5><p data-path-to-node=\"4\"><b data-path-to-node=\"4\" data-index-in-node=\"0\">Cadeia P\u00fablica Jorge Santana (SEAPJS)<\/b><\/p><ul data-path-to-node=\"5\"><li><p data-path-to-node=\"5,0,0\"><b data-path-to-node=\"5,0,0\" data-index-in-node=\"0\">Endere\u00e7o:<\/b> Estrada Gal. Em\u00edlio Maurell Filho, 900, Gericin\u00f3, Rio de Janeiro \u2013 RJ | CEP 21854-010<\/p><\/li><li><p data-path-to-node=\"5,1,0\"><b data-path-to-node=\"5,1,0\" data-index-in-node=\"0\">Contato:<\/b> (21) 2333-4718 | seapjorgesantana@gmail.com<\/p><\/li><\/ul><p data-path-to-node=\"6\"><b data-path-to-node=\"6\" data-index-in-node=\"0\">Cadeia P\u00fablica Jos\u00e9 Ant\u00f4nio da Costa Barros (SEAPJB)<\/b><\/p><ul data-path-to-node=\"7\"><li><p data-path-to-node=\"7,0,0\"><b data-path-to-node=\"7,0,0\" data-index-in-node=\"0\">Endere\u00e7o:<\/b> Estrada Gal. Em\u00edlio Maurell Filho \u2013 S\/N\u00b0, Gericin\u00f3, Rio de Janeiro \u2013 RJ | CEP 21854-010<\/p><\/li><li><p data-path-to-node=\"7,1,0\"><b data-path-to-node=\"7,1,0\" data-index-in-node=\"0\">Contato:<\/b> (21) 2333-5059 | seapjb@gmail.com<\/p><\/li><\/ul><p data-path-to-node=\"8\"><b data-path-to-node=\"8\" data-index-in-node=\"0\">Cadeia P\u00fablica Paulo Roberto Rocha (SEAPPR)<\/b><\/p><ul data-path-to-node=\"9\"><li><p data-path-to-node=\"9,0,0\"><b data-path-to-node=\"9,0,0\" data-index-in-node=\"0\">Endere\u00e7o:<\/b> Estrada Gal. Em\u00edlio Maurell Filho, S\/N\u00b0, Gericin\u00f3, Rio de Janeiro \u2013 RJ | CEP 21854-010<\/p><\/li><li><p data-path-to-node=\"9,1,0\"><b data-path-to-node=\"9,1,0\" data-index-in-node=\"0\">Contato:<\/b> (21) 2333-4749 | seappradm@gmail.com<\/p><\/li><\/ul><p data-path-to-node=\"10\"><b data-path-to-node=\"10\" data-index-in-node=\"0\">Cadeia P\u00fablica Pedro Melo da Silva (SEAPPM)<\/b><\/p><ul data-path-to-node=\"11\"><li><p data-path-to-node=\"11,0,0\"><b data-path-to-node=\"11,0,0\" data-index-in-node=\"0\">Endere\u00e7o:<\/b> Estrada Gal. Em\u00edlio Maurell Filho, 1900, Gericin\u00f3, Rio de Janeiro \u2013 RJ | CEP 21854-010<\/p><\/li><li><p data-path-to-node=\"11,1,0\"><b data-path-to-node=\"11,1,0\" data-index-in-node=\"0\">Contato:<\/b> (21) 2333-4724 | pedromellocp@gmail.com<\/p><\/li><\/ul><p data-path-to-node=\"12\"><b data-path-to-node=\"12\" data-index-in-node=\"0\">Cadeia P\u00fablica Pedrolino Werling de Oliveira (SEAPPO &#8211; Bangu 4)<\/b><\/p><ul data-path-to-node=\"13\"><li><p data-path-to-node=\"13,0,0\"><b data-path-to-node=\"13,0,0\" data-index-in-node=\"0\">Endere\u00e7o:<\/b> Estrada Gal. Em\u00edlio Maurell Filho, S\/N\u00b0, Gericin\u00f3, Rio de Janeiro \u2013 RJ | CEP 21854-010<\/p><\/li><li><p data-path-to-node=\"13,1,0\"><b data-path-to-node=\"13,1,0\" data-index-in-node=\"0\">Contato:<\/b> (21) 2333-4710 | pedrolinowo@gmail.com<\/p><\/li><\/ul><p data-path-to-node=\"14\"><b data-path-to-node=\"14\" data-index-in-node=\"0\">Cadeia P\u00fablica Joaquim Ferreira de Souza (SEAPJFS &#8211; Feminino)<\/b><\/p><ul data-path-to-node=\"15\"><li><p data-path-to-node=\"15,0,0\"><b data-path-to-node=\"15,0,0\" data-index-in-node=\"0\">Endere\u00e7o:<\/b> Estrada Gal. Em\u00edlio Maurell Filho, 77, Gericin\u00f3, Rio de Janeiro \u2013 RJ | CEP 21854-010<\/p><\/li><li><p data-path-to-node=\"15,1,0\"><b data-path-to-node=\"15,1,0\" data-index-in-node=\"0\">Contato:<\/b> (21) 2333-4699 | seapjf@gmail.com<\/p><\/li><\/ul><p data-path-to-node=\"16\"><b data-path-to-node=\"16\" data-index-in-node=\"0\">Hospital Dr. Hamilton Agostinho Vieira de Castro (SEAPHA)<\/b><\/p><ul data-path-to-node=\"17\"><li><p data-path-to-node=\"17,0,0\"><b data-path-to-node=\"17,0,0\" data-index-in-node=\"0\">Endere\u00e7o:<\/b> Estrada Gal. Em\u00edlio Maurell Filho, 1100, Gericin\u00f3, Rio de Janeiro \u2013 RJ | CEP 21854-010<\/p><\/li><li><p data-path-to-node=\"17,1,0\"><b data-path-to-node=\"17,1,0\" data-index-in-node=\"0\">Contato:<\/b> (21) 2333-4734 | seapha@hotmail.com<\/p><\/li><\/ul><p data-path-to-node=\"18\"><b data-path-to-node=\"18\" data-index-in-node=\"0\">Hospital Psiqui\u00e1trico Penal Roberto Medeiro (SEAPRM)<\/b><\/p><ul data-path-to-node=\"19\"><li><p data-path-to-node=\"19,0,0\"><b data-path-to-node=\"19,0,0\" data-index-in-node=\"0\">Endere\u00e7o:<\/b> Estrada Gal. Em\u00edlio Maurell Filho, 1100 \u2013 Fundos, Gericin\u00f3, Rio de Janeiro \u2013 RJ | CEP 21854-010<\/p><\/li><li><p data-path-to-node=\"19,1,0\"><b data-path-to-node=\"19,1,0\" data-index-in-node=\"0\">Contato:<\/b> (21) 2333-4738 | seaprm@yahoo.com<\/p><\/li><\/ul><p data-path-to-node=\"20\"><b data-path-to-node=\"20\" data-index-in-node=\"0\">Instituto Penal Benjamin de Moraes Filho (SEAPBM &#8211; Semiaberto)<\/b><\/p><ul data-path-to-node=\"21\"><li><p data-path-to-node=\"21,0,0\"><b data-path-to-node=\"21,0,0\" data-index-in-node=\"0\">Endere\u00e7o:<\/b> Estrada Gal. Em\u00edlio Maurell Filho, 900, Gericin\u00f3, Rio de Janeiro \u2013 RJ | CEP 21854-010<\/p><\/li><li><p data-path-to-node=\"21,1,0\"><b data-path-to-node=\"21,1,0\" data-index-in-node=\"0\">Contato:<\/b> (21) 2333-4666 | seapbm2016@gmail.com<\/p><\/li><\/ul><p data-path-to-node=\"22\"><b data-path-to-node=\"22\" data-index-in-node=\"0\">Penitenci\u00e1ria Talavera Bruce (SEAPTB &#8211; Feminino)<\/b><\/p><ul data-path-to-node=\"23\"><li><p data-path-to-node=\"23,0,0\"><b data-path-to-node=\"23,0,0\" data-index-in-node=\"0\">Endere\u00e7o:<\/b> Estrada Guand\u00fa do Sena, 1902, Gericin\u00f3, Rio de Janeiro \u2013 RJ | CEP 21854-002<\/p><\/li><li><p data-path-to-node=\"23,1,0\"><b data-path-to-node=\"23,1,0\" data-index-in-node=\"0\">Contato:<\/b> (21) 2333-4819 | seapadmtb@gmail.com<\/p><\/li><\/ul><p data-path-to-node=\"24\"><b data-path-to-node=\"24\" data-index-in-node=\"0\">Sanat\u00f3rio Penal (SEAPSP)<\/b><\/p><ul data-path-to-node=\"25\"><li><p data-path-to-node=\"25,0,0\"><b data-path-to-node=\"25,0,0\" data-index-in-node=\"0\">Endere\u00e7o:<\/b> Estrada Guand\u00fa do Sena, 1902, Gericin\u00f3, Rio de Janeiro \u2013 RJ | CEP 21854-000<\/p><\/li><li><p data-path-to-node=\"25,1,0\"><b data-path-to-node=\"25,1,0\" data-index-in-node=\"0\">Contato:<\/b> (21) 2333-4826 | seap.sp@gmail.com<\/p><\/li><\/ul><p data-path-to-node=\"26\"><b data-path-to-node=\"26\" data-index-in-node=\"0\">Unidade Materno Infantil (TPMI &#8211; UMI)<\/b><\/p><ul data-path-to-node=\"27\"><li><p data-path-to-node=\"27,0,0\"><b data-path-to-node=\"27,0,0\" data-index-in-node=\"0\">Endere\u00e7o:<\/b> Estrada Guand\u00fa do Sena, 1902, Gericin\u00f3, Rio de Janeiro \u2013 RJ | CEP 21854-000<\/p><\/li><li><p data-path-to-node=\"27,1,0\"><b data-path-to-node=\"27,1,0\" data-index-in-node=\"0\">Contato:<\/b> (21) 3465-9712 | lindaseapumi@gmail.com<\/p><\/li><\/ul><hr data-path-to-node=\"28\" \/><h5 data-path-to-node=\"29\"><b data-path-to-node=\"29\" data-index-in-node=\"0\">Rio de Janeiro Capital (Fora de Gericin\u00f3)<\/b><\/h5><p data-path-to-node=\"30\"><b data-path-to-node=\"30\" data-index-in-node=\"0\">Cadeia P\u00fablica Jos\u00e9 Frederico Marques (SEAPFM &#8211; Benfica)<\/b><\/p><ul data-path-to-node=\"31\"><li><p data-path-to-node=\"31,0,0\"><b data-path-to-node=\"31,0,0\" data-index-in-node=\"0\">Endere\u00e7o:<\/b> Rua C\u00e9lio Nascimento, S\/N\u00b0, Benfica, Rio de Janeiro \u2013 RJ | CEP 20930-050<\/p><\/li><li><p data-path-to-node=\"31,1,0\"><b data-path-to-node=\"31,1,0\" data-index-in-node=\"0\">Contato:<\/b> (21) 2334-5829 | seapfredericomarques@gmail.com<\/p><\/li><\/ul><p data-path-to-node=\"32\"><b data-path-to-node=\"32\" data-index-in-node=\"0\">Pres\u00eddio Ary Franco (SEAPAF &#8211; \u00c1gua Santa)<\/b><\/p><ul data-path-to-node=\"33\"><li><p data-path-to-node=\"33,0,0\"><b data-path-to-node=\"33,0,0\" data-index-in-node=\"0\">Endere\u00e7o:<\/b> Rua Monteiro da Luz, S\/N\u00b0, \u00c1gua Santa, Rio de Janeiro \u2013 RJ | CEP 20745-150<\/p><\/li><li><p data-path-to-node=\"33,1,0\"><b data-path-to-node=\"33,1,0\" data-index-in-node=\"0\">Contato:<\/b> (21) 2333-9538 | seapaf@gmail.com<\/p><\/li><\/ul><p data-path-to-node=\"34\"><b data-path-to-node=\"34\" data-index-in-node=\"0\">Pres\u00eddio Evaristo de Moraes (SEAPEM &#8211; Galp\u00e3o da Quinta)<\/b><\/p><ul data-path-to-node=\"35\"><li><p data-path-to-node=\"35,0,0\"><b data-path-to-node=\"35,0,0\" data-index-in-node=\"0\">Endere\u00e7o:<\/b> Rua Bartolomeu de Gusm\u00e3o, 1100, S\u00e3o Crist\u00f3v\u00e3o, Rio de Janeiro \u2013 RJ | CEP 20941-160<\/p><\/li><li><p data-path-to-node=\"35,1,0\"><b data-path-to-node=\"35,1,0\" data-index-in-node=\"0\">Contato:<\/b> (21) 2334-1841 | presidioevaristodemoraes@gmail.com<\/p><\/li><\/ul><p data-path-to-node=\"36\"><b data-path-to-node=\"36\" data-index-in-node=\"0\">Instituto Penal C\u00e2ndido Mendes (SEAPCM)<\/b><\/p><ul data-path-to-node=\"37\"><li><p data-path-to-node=\"37,0,0\"><b data-path-to-node=\"37,0,0\" data-index-in-node=\"0\">Endere\u00e7o:<\/b> Rua Camerino, 41, Centro, Rio de Janeiro \u2013 RJ | CEP 20080-011<\/p><\/li><li><p data-path-to-node=\"37,1,0\"><b data-path-to-node=\"37,1,0\" data-index-in-node=\"0\">Contato:<\/b> (21) 2332-5594 | ipcandidomendes@gmail.com<\/p><\/li><\/ul><p data-path-to-node=\"38\"><b data-path-to-node=\"38\" data-index-in-node=\"0\">Instituto de Per\u00edcias Heitor Carrilho (SEAPHH)<\/b><\/p><ul data-path-to-node=\"39\"><li><p data-path-to-node=\"39,0,0\"><b data-path-to-node=\"39,0,0\" data-index-in-node=\"0\">Endere\u00e7o:<\/b> Rua Frei Caneca, 401, Est\u00e1cio, Rio de Janeiro \u2013 RJ | CEP 20211-010<\/p><\/li><li><p data-path-to-node=\"39,1,0\"><b data-path-to-node=\"39,1,0\" data-index-in-node=\"0\">Contato:<\/b> (21) 2333-7468 | admseaphh@gmail.com<\/p><\/li><\/ul><hr data-path-to-node=\"40\" \/><h5 data-path-to-node=\"41\"><b data-path-to-node=\"41\" data-index-in-node=\"0\">Niter\u00f3i e Interior<\/b><\/h5><p data-path-to-node=\"42\"><b data-path-to-node=\"42\" data-index-in-node=\"0\">Cadeia P\u00fablica Ju\u00edza Patr\u00edcia Acioli (SEAPJP &#8211; S\u00e3o Gon\u00e7alo)<\/b><\/p><ul data-path-to-node=\"43\"><li><p data-path-to-node=\"43,0,0\"><b data-path-to-node=\"43,0,0\" data-index-in-node=\"0\">Endere\u00e7o:<\/b> Rua Oleg\u00e1rio Nascimento, S\/N\u00b0, Jardim Catarina, S\u00e3o Gon\u00e7alo \u2013 RJ | CEP 24716-240<\/p><\/li><li><p data-path-to-node=\"43,1,0\"><b data-path-to-node=\"43,1,0\" data-index-in-node=\"0\">Contato:<\/b> (21) 3704-1779 | seapjp@gmail.com<\/p><\/li><\/ul><p data-path-to-node=\"44\"><b data-path-to-node=\"44\" data-index-in-node=\"0\">Penitenci\u00e1ria Milton Dias Moreira (SEAPMM &#8211; Japeri)<\/b><\/p><ul data-path-to-node=\"45\"><li><p data-path-to-node=\"45,0,0\"><b data-path-to-node=\"45,0,0\" data-index-in-node=\"0\">Endere\u00e7o:<\/b> Rua Floren\u00e7a, S\/N\u00b0, J. Belo Horizonte \u2013 Eng. Pedreira, Japeri \u2013 RJ | CEP 26410-280<\/p><\/li><li><p data-path-to-node=\"45,1,0\"><b data-path-to-node=\"45,1,0\" data-index-in-node=\"0\">Contato:<\/b> (21) 3691-1259 | penitenciariamiltondiasmoreira@gmail.com<\/p><\/li><\/ul><p data-path-to-node=\"46\"><b data-path-to-node=\"46\" data-index-in-node=\"0\">Cadeia P\u00fablica Constantino Cokot\u00f3s (SEAPCK &#8211; Niter\u00f3i)<\/b><\/p><ul data-path-to-node=\"47\"><li><p data-path-to-node=\"47,0,0\"><b data-path-to-node=\"47,0,0\" data-index-in-node=\"0\">Endere\u00e7o:<\/b> Alameda S\u00e3o Boaventura, 773, Fonseca, Niter\u00f3i \u2013 RJ | CEP 24120-191<\/p><\/li><li><p data-path-to-node=\"47,1,0\"><b data-path-to-node=\"47,1,0\" data-index-in-node=\"0\">Contato:<\/b> (21) 3601-5915 | seapck.admpenitenciaria.rj@gmail.com<\/p><\/li><\/ul><p data-path-to-node=\"48\"><b data-path-to-node=\"48\" data-index-in-node=\"0\">Pres\u00eddio Diomedes Vinhosa Muniz (SEAPVM &#8211; Itaperuna)<\/b><\/p><ul data-path-to-node=\"49\"><li><p data-path-to-node=\"49,0,0\"><b data-path-to-node=\"49,0,0\" data-index-in-node=\"0\">Endere\u00e7o:<\/b> Avenida Zoello Sola, 100, Frigor\u00edfico, Itaperuna \u2013 RJ | CEP 28300-000<\/p><\/li><li><p data-path-to-node=\"49,1,0\"><b data-path-to-node=\"49,1,0\" data-index-in-node=\"0\">Contato:<\/b> (22) 3822-1434 | seapvm@gmail.com<\/p><\/li><\/ul><p data-path-to-node=\"50\"><b data-path-to-node=\"50\" data-index-in-node=\"0\">Penitenci\u00e1ria Carlos Tinoco da Fonseca (SEAPCF &#8211; Campos)<\/b><\/p><ul data-path-to-node=\"51\"><li><p data-path-to-node=\"51,0,0\"><b data-path-to-node=\"51,0,0\" data-index-in-node=\"0\">Endere\u00e7o:<\/b> Estrada Santa Rosa, S\/N\u00b0, Condin, Campos dos Goytacazes \u2013 RJ | CEP 28085-500<\/p><\/li><li><p data-path-to-node=\"51,1,0\"><b data-path-to-node=\"51,1,0\" data-index-in-node=\"0\">Contato:<\/b> (22) 2738-5776 | presidiocf@gmail.com<\/p><\/li><\/ul>\t\t\t\t\t\t\t\t<\/div>\n\t\t\t\t<\/div>\n\t\t\t\t<div class=\"elementor-element elementor-element-26b2687 elementor-align-center elementor-widget elementor-widget-button\" data-id=\"26b2687\" data-element_type=\"widget\" data-widget_type=\"button.default\">\n\t\t\t\t<div class=\"elementor-widget-container\">\n\t\t\t\t\t\t\t\t\t<div class=\"elementor-button-wrapper\">\n\t\t\t\t\t<a class=\"elementor-button elementor-button-link elementor-size-sm\" href=\"http:\/\/wa.me\/5521999201982\">\n\t\t\t\t\t\t<span class=\"elementor-button-content-wrapper\">\n\t\t\t\t\t\t<span class=\"elementor-button-icon\">\n\t\t\t\t<svg aria-hidden=\"true\" class=\"e-font-icon-svg e-fab-whatsapp\" viewBox=\"0 0 448 512\" xmlns=\"http:\/\/www.w3.org\/2000\/svg\"><path d=\"M380.9 97.1C339 55.1 283.2 32 223.9 32c-122.4 0-222 99.6-222 222 0 39.1 10.2 77.3 29.6 111L0 480l117.7-30.9c32.4 17.7 68.9 27 106.1 27h.1c122.3 0 224.1-99.6 224.1-222 0-59.3-25.2-115-67.1-157zm-157 341.6c-33.2 0-65.7-8.9-94-25.7l-6.7-4-69.8 18.3L72 359.2l-4.4-7c-18.5-29.4-28.2-63.3-28.2-98.2 0-101.7 82.8-184.5 184.6-184.5 49.3 0 95.6 19.2 130.4 54.1 34.8 34.9 56.2 81.2 56.1 130.5 0 101.8-84.9 184.6-186.6 184.6zm101.2-138.2c-5.5-2.8-32.8-16.2-37.9-18-5.1-1.9-8.8-2.8-12.5 2.8-3.7 5.6-14.3 18-17.6 21.8-3.2 3.7-6.5 4.2-12 1.4-32.6-16.3-54-29.1-75.5-66-5.7-9.8 5.7-9.1 16.3-30.3 1.8-3.7.9-6.9-.5-9.7-1.4-2.8-12.5-30.1-17.1-41.2-4.5-10.8-9.1-9.3-12.5-9.5-3.2-.2-6.9-.2-10.6-.2-3.7 0-9.7 1.4-14.8 6.9-5.1 5.6-19.4 19-19.4 46.3 0 27.3 19.9 53.7 22.6 57.4 2.8 3.7 39.1 59.7 94.8 83.8 35.2 15.2 49 16.5 66.6 13.9 10.7-1.6 32.8-13.4 37.4-26.4 4.6-13 4.6-24.1 3.2-26.4-1.3-2.5-5-3.9-10.5-6.6z\"><\/path><\/svg>\t\t\t<\/span>\n\t\t\t\t\t\t\t\t\t<span class=\"elementor-button-text\">Fale Com Um Advogado Agora Pelo WhatsApp<\/span>\n\t\t\t\t\t<\/span>\n\t\t\t\t\t<\/a>\n\t\t\t\t<\/div>\n\t\t\t\t\t\t\t\t<\/div>\n\t\t\t\t<\/div>\n\t\t\t\t\t<\/div>\n\t\t\t\t<\/div>\n\t\t\t\t<\/div>\n\t\t","protected":false},"excerpt":{"rendered":"<p>Pres\u00eddios RJ: Lista Completa, Endere\u00e7os e Contatos SEAP [Guia 2026] Precisa localizar um detento ou saber o endere\u00e7o de uma unidade prisional no Rio de Janeiro? Reunimos aqui a rela\u00e7\u00e3o completa e atualizada das unidades da SEAP RJ, divididas por regi\u00e3o e complexo. \u26a0\ufe0f Aten\u00e7\u00e3o Urgente: Se voc\u00ea tem um familiar preso e n\u00e3o consegue [&hellip;]<\/p>\n","protected":false},"author":1,"featured_media":0,"parent":0,"menu_order":0,"comment_status":"closed","ping_status":"closed","template":"","meta":{"_joinchat":[],"footnotes":""},"class_list":["post-1007","page","type-page","status-publish","hentry"],"_links":{"self":[{"href":"https:\/\/sennaadvogados.com\/index.php\/wp-json\/wp\/v2\/pages\/1007","targetHints":{"allow":["GET"]}}],"collection":[{"href":"https:\/\/sennaadvogados.com\/index.php\/wp-json\/wp\/v2\/pages"}],"about":[{"href":"https:\/\/sennaadvogados.com\/index.php\/wp-json\/wp\/v2\/types\/page"}],"author":[{"embeddable":true,"href":"https:\/\/sennaadvogados.com\/index.php\/wp-json\/wp\/v2\/users\/1"}],"replies":[{"embeddable":true,"href":"https:\/\/sennaadvogados.com\/index.php\/wp-json\/wp\/v2\/comments?post=1007"}],"version-history":[{"count":91,"href":"https:\/\/sennaadvogados.com\/index.php\/wp-json\/wp\/v2\/pages\/1007\/revisions"}],"predecessor-version":[{"id":1255,"href":"https:\/\/sennaadvogados.com\/index.php\/wp-json\/wp\/v2\/pages\/1007\/revisions\/1255"}],"wp:attachment":[{"href":"https:\/\/sennaadvogados.com\/index.php\/wp-json\/wp\/v2\/media?parent=1007"}],"curies":[{"name":"wp","href":"https:\/\/api.w.org\/{rel}","templated":true}]}}